{"id":1007,"date":"2019-05-15T13:44:12","date_gmt":"2019-05-15T11:44:12","guid":{"rendered":"https:\/\/www.ferienhaus-bergblick.com\/materialis\/"},"modified":"2024-06-02T21:49:03","modified_gmt":"2024-06-02T19:49:03","slug":"willkommen","status":"publish","type":"page","link":"https:\/\/www.ferienhaus-bergblick.com\/en\/","title":{"rendered":"Willkommen"},"content":{"rendered":"\r\n<div id=\"about-1\" class=\"about-1 content-section content-section-spacing-large\" style=\"background-color: #f5fafd;\" data-label=\"About\" data-id=\"about--1\" data-export-id=\"about-1\" data-category=\"about\">\r\n<div class=\"gridContainer\">\r\n<div class=\"row col-xs-12\">\r\n<div class=\"section-title-col\" data-type=\"column\">\r\n<h5 class=\"\">Ferien am Rennsteig, Ihr Urlaub im Th\u00fcringer Wald.<\/h5>\r\n<h2 class=\"\">Willkommen in der Ferienhaus-Anlage \u201eBergblick\u201c in Ruhla am <span style=\"font-weight: bold; font-family: Playfair Display,sans-serif; font-style: italic;\">Rennsteig im Th\u00fcringer Wald.<\/span><\/h2>\r\n<\/div>\r\n<\/div>\r\n<div class=\"row col-xs-12\">\r\n<div class=\"button-holder space-bottom space-bottom-small\" data-type=\"column\">\u00a0<\/div>\r\n<div class=\"col-xs bottom-xs flexbox image-group-bottom-3-img center-xs\"><img decoding=\"async\" class=\"left-img mdc-elevation--z10 rounded-topleft-topright\" src=\"https:\/\/www.ferienhaus-bergblick.com\/wp-content\/uploads\/2019\/05\/cropped-ferienhaus-rennsteig-800x600-100-1.jpg\" data-size=\"400x275\" \/> <img decoding=\"async\" class=\"center-img mdc-elevation--z10 rounded-topleft-topright\" src=\"https:\/\/www.ferienhaus-bergblick.com\/wp-content\/uploads\/2019\/05\/cropped-ferienhaus-ruhla-buchen-800x465x100.jpg\" data-size=\"500x325\" \/> <img decoding=\"async\" class=\"right-img mdc-elevation--z10 rounded-topleft-topright\" src=\"https:\/\/www.ferienhaus-bergblick.com\/wp-content\/uploads\/2019\/05\/cropped-ferienhaus-ruhla-640x360-100-1.jpg\" data-size=\"400x275\" \/><\/div>\r\n<\/div>\r\n<\/div>\r\n<\/div>\r\n\r\n\r\n\r\n<div id=\"ferienhaus-rennsteig\" class=\"about-4 content-section content-section-spacing-large\" style=\"background-color: #f5fafd; background-image: none;\" data-label=\"Ferienhaus Rennsteig\" data-id=\"about-4\" data-export-id=\"about-4\" data-category=\"about\">\r\n<div class=\"gridContainer\">\r\n<div class=\"row middle-sm text-center\">\r\n<div class=\"col-sm-5 space-bottom-xs\" data-type=\"column\">\r\n<h5 class=\"\">Komfort &amp; Wohnen<\/h5>\r\n<h2 class=\"\">Ferienhaus <br \/><span style=\"font-family: Playfair Display,sans-serif; font-weight: bold; font-style: italic;\">Rennsteig<\/span><\/h2>\r\n<p class=\"\">Unser Ferienhaus Rennsteig bietet Ihnen praktischen Komfort und angenehmes Wohnen in entspannter und ruhiger Atmosph\u00e4re im Th\u00fcringer Wald, f\u00fcr 2 bis maximal 3 Personen.<\/p>\r\n<a class=\"button big color1 mdc-ripple-upgraded\" href=\"https:\/\/www.ferienhaus-bergblick.com\/ferienhaus-rennsteig\" target=\"_self\" rel=\"noopener noreferrer\" data-cp-link=\"1\">Zum Ferienhaus -&gt;<\/a><\/div>\r\n<div class=\"col-sm-7 flexbox center-xs middle-xs image-group-2-img padding-top-bottom\"><img decoding=\"async\" class=\"img-1 rounded mdc-elevation--z10\" src=\"https:\/\/www.ferienhaus-bergblick.com\/wp-content\/uploads\/2019\/05\/cropped-ferienhaus-rennsteig-ruhla-2016-2.jpg\" data-size=\"250x200\" \/> <img decoding=\"async\" class=\"img-2 rounded mdc-elevation--z10\" src=\"https:\/\/www.ferienhaus-bergblick.com\/wp-content\/uploads\/2019\/05\/cropped-ferienhaus_ruhla_mueller-rennsteig-2.jpg\" data-size=\"220x170\" \/><\/div>\r\n<\/div>\r\n<\/div>\r\n<\/div>\r\n\r\n\r\n\r\n<div id=\"portfolio-1\" class=\"portfolio-2-materialis content-section-spacing-large content-section bg-color-white\" data-label=\"Portfolio\" data-id=\"portfolio--1\" data-export-id=\"portfolio-2-materialis\" data-category=\"portfolio\">\r\n<div class=\"gridContainer\">\r\n<div class=\"row\">\r\n<div class=\"section-title-col\" data-type=\"column\">\r\n<h2 class=\"\">Unsere Ferienh\u00e4user in Ruhla<\/h2>\r\n<p class=\"lead\">\u00dcbersicht unserer verschiedenen Ferienh\u00e4user in Ruhla am Rennsteig.<\/p>\r\n<\/div>\r\n<\/div>\r\n<div class=\"row text-left spaced-cols center-sm\" data-type=\"row\" data-fixed=\"true\">\r\n<div class=\"col-md-4 col-sm-6 col-xs-12\">\r\n<div class=\"card mdc-elevation--z3 no-padding\" data-hover-fx=\"portfolio-1\">\r\n<div class=\"image\"><img decoding=\"async\" src=\"https:\/\/www.ferienhaus-bergblick.com\/wp-content\/uploads\/2019\/06\/cropped-ferienhaus-ruhla-2019.jpg\" data-size=\"375x220\" \/><\/div>\r\n<div class=\"text col-padding col-xs-12\">\r\n<h6 class=\"color4 font-400\">Ferienhaus f\u00fcr 2 \u2013 4 Personen<\/h6>\r\n<a class=\"h5 font-400\" href=\"https:\/\/www.ferienhaus-bergblick.com\/ferienhaus-ruhla\" target=\"_self\" rel=\"noopener noreferrer\" data-cp-link=\"1\">Ferienhaus \u201eRuhla\u201c<\/a><\/div>\r\n<\/div>\r\n<\/div>\r\n<div class=\"col-md-4 col-sm-6 col-xs-12\">\r\n<div class=\"card mdc-elevation--z3 no-padding\" data-hover-fx=\"portfolio-1\">\r\n<div class=\"image\"><img decoding=\"async\" src=\"https:\/\/www.ferienhaus-bergblick.com\/wp-content\/uploads\/2019\/05\/cropped-ferienhaus-rennsteig-800x600-100.jpg\" data-size=\"375x220\" \/><\/div>\r\n<div class=\"text col-padding col-xs-12\" data-type=\"column\">\r\n<h6 class=\"color2 font-400\">Ferienhaus f\u00fcr 2 \u2013 3 Personen<\/h6>\r\n<a class=\"h5 font-400\" href=\"https:\/\/www.ferienhaus-bergblick.com\/ferienhaus-rennsteig\" target=\"_self\" rel=\"noopener noreferrer\" data-cp-link=\"1\">Ferienhaus \u201eRennsteig\u201c<\/a><\/div>\r\n<\/div>\r\n<\/div>\r\n<div class=\"col-md-4 col-sm-6 col-xs-12\">\r\n<div class=\"card mdc-elevation--z3 no-padding\" data-hover-fx=\"portfolio-1\">\r\n<div class=\"image\"><img decoding=\"async\" src=\"https:\/\/www.ferienhaus-bergblick.com\/wp-content\/uploads\/2019\/05\/cropped-ferienhaus-ruhla-thueringer-wald-800x600-100-2.jpg\" data-size=\"375x220\" \/><\/div>\r\n<div class=\"text col-padding col-xs-12\" data-type=\"column\">\r\n<h6 class=\"color5 font-400\">Ferienhaus f\u00fcr 2 \u2013 4 Personen<\/h6>\r\n<a class=\"h5 font-400\" href=\"https:\/\/www.ferienhaus-bergblick.com\/ferienhaus-thuringer-wald\" target=\"_self\" rel=\"noopener noreferrer\" data-cp-link=\"1\">Ferienhaus \u201eTh\u00fcringer Wald\u201c<\/a><\/div>\r\n<\/div>\r\n<\/div>\r\n<div class=\"col-md-4 col-sm-6 col-xs-12\">\r\n<div class=\"card mdc-elevation--z3 no-padding\" data-hover-fx=\"portfolio-1\">\r\n<div class=\"image\"><img decoding=\"async\" src=\"https:\/\/www.ferienhaus-bergblick.com\/wp-content\/uploads\/2021\/10\/cropped-7876_68117487765261_1.jpg\" data-size=\"375x220\" \/><\/div>\r\n<div class=\"text col-padding col-xs-12\">\r\n<h6 class=\"color4 font-400\">Ferienhaus f\u00fcr 2 \u2013 4 Personen<\/h6>\r\n<a class=\"h5 font-400\" href=\"https:\/\/www.ferienhaus-bergblick.com\/ferienhaus-inselberg-2\" target=\"_self\" rel=\"noopener noreferrer\" data-cp-link=\"1\">Ferienhaus \u201eInselberg\u201c<\/a><\/div>\r\n<\/div>\r\n<\/div>\r\n<\/div>\r\n<\/div>\r\n<\/div>\r\n\r\n<p><!-- CloudPress Companion Preview Data START --><\/p>\r\n\r\n<div id=\"ferienhausuebersicht\" class=\"overlappable-5-materialis content-section content-section-spacing-large\" style=\"background-color: #f5fafd;\" data-label=\"Ferienhausuebersicht\" data-id=\"overlappable-5-materialis\" data-export-id=\"overlappable-5-materialis\" data-category=\"overlappable\" data-overlap=\"true\">\r\n<div class=\"gridContainer\">\r\n<div class=\"row spaced-cols center-sm content-left-sm\" data-type=\"row\">\r\n<div class=\"col-xs-12 col-sm-6 col-md-4 \">\r\n<div class=\"card mdc-elevation--z3 row-card\">\r\n<div class=\"row\">\r\n<div class=\"col-xs-12 col-sm-fit icon-col\" data-fixed=\"true\">\u00a0<\/div>\r\n<div class=\"col-xs-12 col-sm\" data-type=\"column\">\r\n<h4 class=\"color-black\">Ferienhaus <br \/>\u201eRuhla\u201c<\/h4>\r\n<p class=\"\">\u2013 55 m\u00b2 Wohnfl\u00e4che<br \/>\u2013 geeignet f\u00fcr 2 bis max. 5 Personen<br \/>\u2013 1 Schlafzimmer mit Doppelbett<br \/>\u2013 1 Schlafzimmer mit Etagenbett<br \/>\u2013 Aufbettung f\u00fcr +1 Person m\u00f6glich<br \/>\u2013 Badezimmer mit Dusche \/ WC<br \/>\u2013 Essdiele und Wohnzimmer<br \/>\u2013 Sat-TV und Musikanlage<br \/><br \/>K\u00fcchenausstattung:<br \/>\u2013 K\u00fchlschrank mit kleinem Gefrierfach<br \/>\u2013 Backofen mit Elektrokochfelder<br \/>\u2013 Kaffeemaschine<br \/>\u2013 Wasserkocher<br \/>\u2013 Mikrowelle<br \/>\u2013 Toaster<br \/><br \/>\u2013 Terrassen Ausstattung<br \/>\u2013 W-LAN und Bettw\u00e4sche inklusive<br \/>\u2013 Strom nach Verbrauch 0,40ct je kWh<br \/>\u2013 Kurtaxe betr\u00e4gt 1,50 \u20ac pro Person \/ Nacht, Kinder unter 16 Jahren frei<br \/>\u2013 Haustiere sind in diesem Ferienhaus erlaubt<br \/><br \/>Preis pro Nacht ab 50,00 \u20ac<\/p>\r\n<a class=\"button blue mdc-ripple-upgraded\" href=\"https:\/\/www.ferienhaus-bergblick.com\/ferienhaus-ruhla\" target=\"_self\" rel=\"noopener noreferrer\" data-cp-link=\"1\"> Ferienhaus Ruhla<\/a><\/div>\r\n<\/div>\r\n<\/div>\r\n<\/div>\r\n<div class=\"col-xs-12 col-sm-6 col-md-4 \">\r\n<div class=\"card mdc-elevation--z3 row-card\">\r\n<div class=\"row\">\r\n<div class=\"col-xs-12 col-sm-fit icon-col\" data-fixed=\"true\">\u00a0<\/div>\r\n<div class=\"col-xs-12 col-sm\" data-type=\"column\">\r\n<h4 class=\"color-black\">Ferienhaus <br \/>\u201eRennsteig\u201c<\/h4>\r\n<p class=\"\">\u2013 40 m\u00b2 Wohnfl\u00e4che<br \/>\u2013 geeignet f\u00fcr 2 bis max. 3 Personen<br \/>\u2013 1 Schlafzimmer mit Doppelbett<br \/>\u2013 Badezimmer mit Dusche \/ WC <br \/>\u2013 Sat-TV, Musikanlage, DVD-Player <br \/>\u2013 W-LAN und Bettw\u00e4sche inklusive<br \/>\u2013 Wohnraum mit integrierter K\u00fcchenzeile <br \/>-Elektroheizung<br \/><br \/>K\u00fcchenausstattung: <br \/>\u2013 K\u00fchlschrank mit Gefrierfach<br \/>\u2013 Backofen mit Cerankochfeld <br \/>\u2013 Sp\u00fclmaschine <br \/>\u2013 Kaffeemaschine <br \/>\u2013 Wasserkocher <br \/>\u2013 Toaster<br \/><br \/>\u2013 Terrassen-Ausstattung<br \/>\u2013 Strom nach Verbrauch 0,40ct je kWh<br \/>\u2013 Kurtaxe betr\u00e4gt 1,50 \u20ac pro Person \/ Nacht, Kinder unter 16 Jahren frei<br \/>\u2013 Haustiere sind in diesem Ferienhaus erlaubt<br \/><br \/>Preis pro Nacht ab 55,00 \u20ac<\/p>\r\n<a class=\"button blue mdc-ripple-upgraded\" href=\"https:\/\/www.ferienhaus-bergblick.com\/ferienhaus-rennsteig\" target=\"_self\" rel=\"noopener noreferrer\" data-cp-link=\"1\"> Ferienhaus Rennsteig<\/a><\/div>\r\n<\/div>\r\n<\/div>\r\n<\/div>\r\n<div class=\"col-xs-12 col-sm-6 col-md-4 \">\r\n<div class=\"card mdc-elevation--z3 row-card\">\r\n<div class=\"row\">\r\n<div class=\"col-xs-12 col-sm-fit icon-col\" data-fixed=\"true\">\u00a0<\/div>\r\n<div class=\"col-xs-12 col-sm\" data-type=\"column\">\r\n<h4 class=\"color-black\">Ferienhaus <br \/>\u201eTh\u00fcringer Wald\u201c<\/h4>\r\n<p class=\"\">\u2013 55 m\u00b2 Wohnfl\u00e4che <br \/>\u2013 geeignet f\u00fcr 2 bis max. 5 Personen<br \/>\u2013 1 Schlafzimmer mit Doppelbett<br \/>\u2013 1 Schlafzimmer mit Etagenbett<br \/>\u2013 Aufbettung f\u00fcr +1 Person m\u00f6glich <br \/>\u2013 Badezimmer mit Dusche \/ WC<br \/>\u2013 Essdiele und Wohnzimmer<br \/>\u2013 Sat-TV und Musikanlage<br \/><br \/>K\u00fcchenausstattung:<br \/>\u2013 K\u00fchlschrank <br \/>\u2013 Backofen mit Elektrokochfelder<br \/>\u2013 Kaffeemaschine<br \/>\u2013 Wasserkocher<br \/>\u2013 Mikrowelle<br \/>\u2013 Toaster<br \/><br \/>\u2013 Terrassen Ausstattung<br \/>\u2013 W-LAN und Bettw\u00e4sche inklusive<br \/>\u2013 Strom nach Verbrauch 0,40ct je kWh<br \/>\u2013 Kurtaxe betr\u00e4gt 1,50 \u20ac pro Person \/ Nacht, Kinder unter 16 Jahren frei<br \/>\u2013 Haustiere sind in diesem Ferienhaus erlaubt <br \/><br \/>Preis pro Nacht ab 50,00 \u20ac<\/p>\r\n<a class=\"button blue mdc-ripple-upgraded\" href=\"https:\/\/www.ferienhaus-bergblick.com\/ferienhaus-thuringer-wald\" target=\"_self\" rel=\"noopener noreferrer\" data-cp-link=\"1\">Ferienhaus Thuringer Wald<\/a><\/div>\r\n<\/div>\r\n<\/div>\r\n<\/div>\r\n<div class=\"col-xs-12 col-sm-6 col-md-4\">\r\n<div class=\"card mdc-elevation--z3 row-card\">\r\n<div class=\"row\">\r\n<div class=\"col-xs-12 col-sm-fit icon-col\" data-fixed=\"true\">\u00a0<\/div>\r\n<div class=\"col-xs-12 col-sm\" data-type=\"column\">\r\n<h4 class=\"color-black\">Ferienhaus <br \/>\u201eInselberg\u201c<\/h4>\r\n<p class=\"\">\u2013 67 m\u00b2 Wohnfl\u00e4che<br \/>\u2013 geeignet f\u00fcr 2 bis max. 4 Personen<br \/>\u2013 2 Schlafzimmer mit Doppelbett<br \/>\u2013 Badezimmer mit Dusche \/ WC<br \/>\u2013 Essdiele und Wohnzimmer<br \/>\u2013 Sat-TV und Musikanlage<br \/>-Elektroheizung<br \/><br \/>K\u00fcchenausstattung:<br \/>\u2013 K\u00fchlschrank mit kleinem Gefrierfach<br \/>\u2013 Backofen mit Elektrokochfelder<br \/>\u2013 Kaffeemaschine<br \/>\u2013 Wasserkocher<br \/>\u2013 Mikrowelle<br \/>\u2013 Toaster<br \/><br \/>\u2013 Terrassen Ausstattung<br \/>\u2013 W-LAN und Bettw\u00e4sche inklusive<br \/>\u2013 Strom nach Verbrauch 0,40ct je kWh<br \/>\u2013 Kurtaxe betr\u00e4gt 1,50 \u20ac pro Person \/ Nacht, Kinder unter 16 Jahren frei<br \/>\u2013 Haustiere sind in diesem Ferienhaus erlaubt<br \/><br \/>Preis pro Nacht ab 79,00 \u20ac<\/p>\r\n<a class=\"button blue mdc-ripple-upgraded\" href=\"https:\/\/www.ferienhaus-bergblick.com\/ferienhaus-ruhla\" target=\"_self\" rel=\"noopener noreferrer\" data-cp-link=\"1\"> Ferienhaus Ruhla<\/a><\/div>\r\n<\/div>\r\n<\/div>\r\n<\/div>\r\n<\/div>\r\n<\/div>\r\n<\/div>\r\n\r\n\r\n\r\n<div id=\"vorteile\" class=\"features-10m content-section-spacing-large content-section\" style=\"background-color: #ffffff;\" data-label=\"Vorteile\" data-id=\"features-10-materialis\" data-export-id=\"features-10-materialis\" data-category=\"features\">\r\n<div class=\"gridContainer\">\r\n<div class=\"row\">\r\n<div class=\"section-title-col\" data-type=\"column\">\r\n<h2 class=\"\">Vorteile unserer Ferienhaus-Anlage<\/h2>\r\n<p class=\"\">Hier erfahren Sie die Vorteile unserer Ferienhaus-Anlage.<\/p>\r\n<\/div>\r\n<\/div>\r\n<div class=\"row \">\r\n<div class=\"col-xs-12 col-md-10 col-md-offset-1\">\r\n<div class=\"row space-top spaced-cols content-center-sm\" data-type=\"row\" data-max-items=\"4\">\r\n<div class=\"col-xs-10 col-md-4 col-sm-6 col-sm-offset-0 col-xs-offset-1\">\r\n<div class=\"card no-radius mdc-elevation--z1 y-move bg-color-white padding-24 bordered\" data-type=\"column\"><i class=\"mdi icon color1 mdi-pine-tree reverse round big\"><\/i>\r\n<h6 class=\"\">Sehr ruhige Lage am <br \/>Rand der Stadt Ruhla.<\/h6>\r\n<\/div>\r\n<\/div>\r\n<div class=\"col-xs-10 col-md-4 col-sm-6 col-sm-offset-0 col-xs-offset-1\">\r\n<div class=\"card no-radius mdc-elevation--z1 y-move bg-color-white padding-24 bordered\" data-type=\"column\"><i class=\"mdi icon color1 mdi-apple-safari reverse round big\"><\/i>\r\n<h6 class=\"\">Hervorragender Ausgangsort f\u00fcr Touren und Wanderungen.<\/h6>\r\n<\/div>\r\n<\/div>\r\n<div class=\"col-xs-10 col-md-4 col-sm-6 col-sm-offset-0 col-xs-offset-1\">\r\n<div class=\"card no-radius mdc-elevation--z1 y-move bg-color-white padding-24 bordered\" data-type=\"column\"><i class=\"mdi icon color1 mdi-castle reverse round big\"><\/i>\r\n<h6 class=\"\">Zentrale Lage f\u00fcr Ausfl\u00fcge im Th\u00fcringer Wald und Th\u00fcringen.<\/h6>\r\n<\/div>\r\n<\/div>\r\n<div class=\"col-xs-10 col-md-4 col-sm-6 col-sm-offset-0 col-xs-offset-1\">\r\n<div class=\"card no-radius mdc-elevation--z1 y-move bg-color-white padding-24 bordered\" data-type=\"column\"><i class=\"mdi icon color1 mdi-fire reverse round big\"><\/i>\r\n<h6 class=\"\">Grillm\u00f6glichkeit f\u00fcr Ihren Grill-Abend w\u00e4hrend Ihrem Aufenthalt bei uns.<\/h6>\r\n<\/div>\r\n<\/div>\r\n<div class=\"col-xs-10 col-md-4 col-sm-6 col-sm-offset-0 col-xs-offset-1\">\r\n<div class=\"card no-radius mdc-elevation--z1 y-move bg-color-white padding-24 bordered\" data-type=\"column\"><i class=\"mdi icon color1 mdi-soccer reverse round big\"><\/i>\r\n<h6 class=\"\">Spielplatz f\u00fcr Kinder mit Baumhaus, Rutsche, Trampolin, Schaukeln und Platz f\u00fcr Ballspiele.<\/h6>\r\n<\/div>\r\n<\/div>\r\n<div class=\"col-xs-10 col-md-4 col-sm-6 col-sm-offset-0 col-xs-offset-1\">\r\n<div class=\"card no-radius mdc-elevation--z1 y-move bg-color-white padding-24 bordered\" data-type=\"column\"><i class=\"mdi icon color1 mdi-train reverse round big\"><\/i>\r\n<h6 class=\"\">Transfer vom Bahnhof Eisenach sowie zu anderen Ausgangsorten auf Anfrage.<\/h6>\r\n<\/div>\r\n<\/div>\r\n<div class=\"col-xs-10 col-md-4 col-sm-6 col-sm-offset-0 col-xs-offset-1\">\r\n<div class=\"card no-radius mdc-elevation--z1 y-move bg-color-white padding-24 bordered\" data-type=\"column\"><i class=\"mdi icon color1 mdi-security-home reverse round big\"><\/i>\r\n<h6 class=\"\">Umz\u00e4unte Anlage mit umfriedeten Parkplatz.<\/h6>\r\n<\/div>\r\n<\/div>\r\n<div class=\"col-xs-10 col-md-4 col-sm-6 col-sm-offset-0 col-xs-offset-1\">\r\n<div class=\"card no-radius mdc-elevation--z1 y-move bg-color-white padding-24 bordered\" data-type=\"column\"><i class=\"mdi icon color1 mdi-access-point-network reverse round big\"><\/i>\r\n<h6 class=\"\">Kostenloses W-LAN<br \/>\u00a0f\u00fcr alle G\u00e4ste.<\/h6>\r\n<\/div>\r\n<\/div>\r\n<div class=\"col-xs-10 col-md-4 col-sm-6 col-sm-offset-0 col-xs-offset-1\">\r\n<div class=\"card no-radius mdc-elevation--z1 y-move bg-color-white padding-24 bordered\" data-type=\"column\"><i class=\"mdi icon color1 mdi-chair-school reverse round big\"><\/i>\r\n<h6 class=\"\">Kostenlose Terrassen-Ausstattung<\/h6>\r\n<\/div>\r\n<\/div>\r\n<div class=\"col-xs-10 col-md-4 col-sm-6 col-sm-offset-0 col-xs-offset-1\">\r\n<div class=\"card no-radius mdc-elevation--z1 y-move bg-color-white padding-24 bordered\" data-type=\"column\"><i class=\"mdi icon color1 mdi-walk reverse round big\"><\/i>\r\n<h6 class=\"\">Weg zum Rennsteig per Wanderung in etwa 1h \/ 5km.<\/h6>\r\n<\/div>\r\n<\/div>\r\n<div class=\"col-md-4 col-sm-6 col-sm-offset-0 col-xs-10 col-xs-offset-1\">\r\n<div class=\"card no-radius mdc-elevation--z1 y-move bg-color-white padding-24 bordered\" data-type=\"column\"><i class=\"mdi icon color1 mdi-bike reverse round big\"><\/i>\r\n<h6 class=\"\">Weg zum Rennsteig per Rad-Tour in etwa 20 Min \/ 5km.<\/h6>\r\n<\/div>\r\n<\/div>\r\n<div class=\"col-md-4 col-sm-6 col-sm-offset-0 col-xs-10 col-xs-offset-1\">\r\n<div class=\"card no-radius mdc-elevation--z1 y-move bg-color-white padding-24 bordered\" data-type=\"column\"><i class=\"mdi icon color1 mdi-car reverse round big\"><\/i>\r\n<h6 class=\"\">Weg zum Rennsteig mit dem Auto in etwa 10 Min \/ 6km.<\/h6>\r\n<\/div>\r\n<\/div>\r\n<div class=\"col-xs-10 col-md-4 col-sm-6 col-sm-offset-0 col-xs-offset-1\">\r\n<div class=\"card no-radius mdc-elevation--z1 y-move bg-color-white padding-24 bordered\" data-type=\"column\"><i class=\"mdi icon color1 mdi-store reverse round big\"><\/i>\r\n<h6 class=\"\">N\u00e4chster Einkaufs-Markt zu Fuss in rund 20 Min ~ 1km.<\/h6>\r\n<\/div>\r\n<\/div>\r\n<div class=\"col-xs-10 col-md-4 col-sm-6 col-sm-offset-0 col-xs-offset-1\">\r\n<div class=\"card no-radius mdc-elevation--z1 y-move bg-color-white padding-24 bordered\" data-type=\"column\"><i class=\"mdi icon color1 mdi-store reverse round big\"><\/i>\r\n<h6 class=\"\">N\u00e4chster Einkaufs-Markt mit dem Rad in rund 10 Min ~ 1km.<\/h6>\r\n<\/div>\r\n<\/div>\r\n<div class=\"col-xs-10 col-md-4 col-sm-6 col-sm-offset-0 col-xs-offset-1\">\r\n<div class=\"card no-radius mdc-elevation--z1 y-move bg-color-white padding-24 bordered\" data-type=\"column\"><i class=\"mdi icon color1 mdi-store reverse round big\"><\/i>\r\n<h6 class=\"\">N\u00e4chster Einkaufs-Markt mit dem Auto in rund 3 Min ~ 2km.<\/h6>\r\n<\/div>\r\n<\/div>\r\n<\/div>\r\n<\/div>\r\n<\/div>\r\n<\/div>\r\n<\/div>\r\n\r\n\r\n\r\n<div id=\"wartburg\" class=\"content-7m content-section-spacing-large content-section\" style=\"background-color: #f5fafd;\" data-label=\"Wartburg\" data-id=\"content-7-materialis\" data-export-id=\"content-7-materialis\" data-category=\"content\">\r\n<div class=\"gridContainer\">\r\n<div class=\"row middle-sm\">\r\n<div class=\"col-md-6 col-xs-12 col-sm-6 col-padding-small-xs\"><img decoding=\"async\" class=\"mdc-elevation--z13 img-rounded\" src=\"https:\/\/www.ferienhaus-bergblick.com\/wp-content\/uploads\/2021\/10\/cropped-Wartburg-DJI_0402.jpg\" \/><\/div>\r\n<div class=\"col-md-5 col-md-offset-1 col-xs-12 col-sm-6 content-left-sm col-padding-small-xs\" data-type=\"column\">\r\n<h6 class=\"upper\">Kultur &amp; Geschichte<\/h6>\r\n<h3 class=\"space-bottom\">Die Wartburg in Eisenach<\/h3>\r\n<p class=\"space-top\">Zur Wartburg in Eisenach ben\u00f6tigen Sie von unseren Ferienh\u00e4usern in Ruhla nur etwa 20 Minuten mit dem Auto. Verbringen Sie einen sch\u00f6nen Tag in Eisenach und Umgebung.<\/p>\r\n<\/div>\r\n<\/div>\r\n<\/div>\r\n<\/div>\r\n\r\n\r\n\r\n<div id=\"weimar\" class=\"content-8m content-section-spacing-large content-section\" style=\"background-color: #ffffff;\" data-label=\"Weimar\" data-id=\"content-8-materialis\" data-export-id=\"content-8-materialis\" data-category=\"content\">\r\n<div class=\"gridContainer\">\r\n<div class=\"row middle-sm\">\r\n<div class=\"col-md-5 col-xs-12 col-sm-6 space-bottom-xs\" data-type=\"column\">\r\n<h6 class=\"upper\">Kultur &amp; Geschiche<\/h6>\r\n<h3 class=\"\">Bachhaus in Eisenach<\/h3>\r\n<p class=\"space-top\">Erleben Sie eines der gr\u00f6\u00dften\u00a0Musikermuseen in Deutschland.<\/p>\r\n<\/div>\r\n<div class=\"col-md-6 col-md-offset-1 col-xs-12 col-sm-6\"><img decoding=\"async\" class=\"mdc-elevation--z9 rounded\" src=\"https:\/\/www.ferienhaus-bergblick.com\/wp-content\/uploads\/2021\/10\/cropped-DSCF0498.jpg\" \/><\/div>\r\n<\/div>\r\n<\/div>\r\n<\/div>\r\n\r\n\r\n\r\n<div id=\"erfahrung\" class=\"counters-2 content-section content-section-spacing-large\" style=\"background-color: #f5fafd;\" data-label=\"Erfahrung\" data-id=\"counters--1\" data-export-id=\"counters-2\" data-category=\"counters\">\r\n<div class=\"gridContainer\">\r\n<div class=\"row text-center\">\r\n<div class=\"section-title-col\" data-type=\"column\">\r\n<h2 class=\"\">Erfahrung<\/h2>\r\n<p class=\"lead\">Unsere Erfahrungen in Zahlen.<\/p>\r\n<\/div>\r\n<\/div>\r\n<div class=\"row content-center-sm center-sm\" data-type=\"row\">\r\n<div class=\"col-xs-12 col-sm-4 space-bottom\"><i class=\"mdi icon color1 mdi-home-circle normal-shape normal-size\"><\/i>\r\n<h3 class=\"counter-text font-400 color-black\" data-min=\"0\" data-max=\"15\" data-duration=\"2000\" data-prefix=\"\" data-suffix=\"+\" data-countup=\"true\">\u00a0<\/h3>\r\n<h5 class=\"upper color2\">Jahre Ferienhaus-Urlaub<\/h5>\r\n<\/div>\r\n<div class=\"col-xs-12 col-sm-4 space-bottom\"><i class=\"mdi icon color1 mdi-approval normal-shape normal-size\"><\/i>\r\n<h3 class=\"counter-text font-400 color-black\" data-min=\"0\" data-max=\"2500\" data-duration=\"2000\" data-prefix=\"\" data-suffix=\"+\" data-countup=\"true\">\u00a0<\/h3>\r\n<h5 class=\"upper color2\">Ferienhaus-Buchungen<\/h5>\r\n<\/div>\r\n<div class=\"col-xs-12 col-sm-4 space-bottom\"><i class=\"mdi mdi-emoticon icon color1\"><\/i>\r\n<h3 class=\"counter-text font-400 color-black\" data-min=\"100\" data-max=\"6000+\" data-duration=\"2000\" data-prefix=\"\" data-suffix=\"+\" data-countup=\"true\">\u00a0<\/h3>\r\n<h5 class=\"upper color2\">Gl\u00fcckliche G\u00e4ste<\/h5>\r\n<\/div>\r\n<\/div>\r\n<\/div>\r\n<\/div>\r\n\r\n\r\n\r\n<div id=\"contact-1\" class=\"contact-1 content-section content-section-spacing-large content-relative white-text\" style=\"background-color: #ffffff;\" data-label=\"Contact\" data-id=\"contact--1\" data-export-id=\"contact-1\" data-category=\"contact\" data-parallax-depth=\"20\">\r\n<div class=\"gridContainer\">\r\n<div class=\"row text-center\">\r\n<div class=\"section-title-col\" data-type=\"column\">\r\n<h2 class=\"\">Kontakt<\/h2>\r\n<p class=\"lead\"><br \/>Bei Fragen erreichen Sie uns hier.<\/p>\r\n<a class=\"button blue mdc-ripple-upgraded\" href=\"tel:+493692987905\" target=\"_self\" rel=\"noopener noreferrer\" data-cp-link=\"1\"> Telefon +49 (0) 36929 \/ 87905<\/a><a class=\"button blue mdc-ripple-upgraded\" href=\"mailto:info@ferienhaus-bergblick.com\" target=\"_self\" rel=\"noopener noreferrer\" data-cp-link=\"1\"> Email: info-@-ferienhaus-bergblick.com <\/a><\/div>\r\n<\/div>\r\n<div class=\"row text-center\">\r\n<div class=\"col-xs-12 col-sm-8 col-sm-offset-2 contact-form-wrapper\">\r\n<div class=\"card mdc-elevation--z3 col-padding-top\">\r\n<div class=\"dark-text\" data-content-shortcode=\"materialis_contact_form shortcode=&quot;contact-form-7 id=&amp;amp;quot;192&amp;amp;quot; title=&amp;amp;quot;Kontakt&amp;amp;quot;&quot;\" data-editable=\"true\">[materialis_contact_form shortcode=&#8220;contact-form-7 id=&amp;quot;192&amp;quot; title=&amp;quot;Kontakt&amp;quot;&#8220;]<\/div>\r\n<\/div>\r\n<\/div>\r\n<\/div>\r\n<\/div>\r\n<\/div>\r\n","protected":false},"excerpt":{"rendered":"","protected":false},"author":2,"featured_media":0,"parent":0,"menu_order":0,"comment_status":"closed","ping_status":"closed","template":"page-templates\/homepage.php","meta":{"_vp_format_video_url":"","_vp_image_focal_point":[],"footnotes":""},"class_list":["post-1007","page","type-page","status-publish","hentry"],"_links":{"self":[{"href":"https:\/\/www.ferienhaus-bergblick.com\/en\/wp-json\/wp\/v2\/pages\/1007","targetHints":{"allow":["GET"]}}],"collection":[{"href":"https:\/\/www.ferienhaus-bergblick.com\/en\/wp-json\/wp\/v2\/pages"}],"about":[{"href":"https:\/\/www.ferienhaus-bergblick.com\/en\/wp-json\/wp\/v2\/types\/page"}],"author":[{"embeddable":true,"href":"https:\/\/www.ferienhaus-bergblick.com\/en\/wp-json\/wp\/v2\/users\/2"}],"replies":[{"embeddable":true,"href":"https:\/\/www.ferienhaus-bergblick.com\/en\/wp-json\/wp\/v2\/comments?post=1007"}],"version-history":[{"count":0,"href":"https:\/\/www.ferienhaus-bergblick.com\/en\/wp-json\/wp\/v2\/pages\/1007\/revisions"}],"wp:attachment":[{"href":"https:\/\/www.ferienhaus-bergblick.com\/en\/wp-json\/wp\/v2\/media?parent=1007"}],"curies":[{"name":"wp","href":"https:\/\/api.w.org\/{rel}","templated":true}]}}