{"id":90674,"date":"2021-09-29T14:29:01","date_gmt":"2021-09-29T12:29:01","guid":{"rendered":"https:\/\/www.ferienhaus-bergblick.com\/?page_id=90674"},"modified":"2024-06-02T21:32:29","modified_gmt":"2024-06-02T19:32:29","slug":"ferienhaus-inselberg-2","status":"publish","type":"page","link":"https:\/\/www.ferienhaus-bergblick.com\/en\/ferienhaus-inselberg-2\/","title":{"rendered":"<!--:de-->Ferienhaus Inselberg<!--:-->"},"content":{"rendered":"<p class=\"has-text-align-center\" style=\"text-align: left;\"><strong>Preis pro Nacht 86,00 \u20ac \/ <\/strong><strong>Preis pro Woche 550,00 \u20ac<\/strong><\/p>\r\n<p class=\"has-text-align-center\" style=\"text-align: left;\">Unser Ferienhaus liegt in einer ruhigen Umgebung in einer Anlage mit 5 weiteren Ferienh\u00e4usern umgeben von W\u00e4ldern und Wiesen. In kurzer Fahrzeit erreichen Sie von hier aus die beliebtesten Ausflugsziele unserer Region. Auf dem Gel\u00e4nde k\u00f6nnen Sie fast \u00fcberall kostenfrei WLAN nutzen. Es gibt einen kleinen Spielplatz, Sonnenliegen, Grillm\u00f6glichkeit, Tischtennis. Gleich neben den Ferienh\u00e4usern befindet sich ein kostenfreier Parkplatz. Das Ferienhaus wurde 2021 komplett erneuert und ausgestattet mit Geschirrsp\u00fclmaschine, Backofen, K\u00fchlschrank mit Gefrierfach, Fu\u00dfbodenheizung in Bad und Wohnzimmer, Sat-TV im Wohnzimmer und beiden Schlafzimmern. Ihre Haustiere sind bei uns auf Anfrage gerne willkommen. Im Mietpreis sind die Kurtaxe und die Stromkosten nicht enthalten, diese werden nach Verbrauch zus\u00e4tzlich berechnet.<\/p>\r\n<!-- \/wp:post-content -->\r\n\r\n<!-- wp:paragraph -->\r\n<p>[nggallery id=15]<\/p>\r\n<p>&nbsp;<\/p>\r\n<p><iframe loading=\"lazy\" src=\"https:\/\/www.fewo-line.de\/webclient\/?cl=kpf&amp;n=1079.4\" width=\"660\" height=\"700\" frameborder=\"0\" scrolling=\"no\" allowfullscreen=\"allowfullscreen\"><span style=\"display: inline-block; width: 0px; overflow: hidden; line-height: 0;\" data-mce-type=\"bookmark\" class=\"mce_SELRES_start\">\ufeff<\/span><\/iframe><\/p>\r\n<p><strong>Schlafzimmer<\/strong><\/p>\r\n<ul>\r\n<li>Anzahl insgesamt: 2<\/li>\r\n<li>2 Doppelbettzimmer<\/li>\r\n<\/ul>\r\n<p><strong>Badezimmer und WCs<\/strong><\/p>\r\n<ul>\r\n<li>Anzahl insgesamt: 1<\/li>\r\n<li>1 Badezimmer mit Dusche<\/li>\r\n<\/ul>\r\n<p><strong>Aussenausstattung<\/strong><\/p>\r\n<ul>\r\n<li>Garten<\/li>\r\n<li>Grill<\/li>\r\n<li>Kinderspielplatz<\/li>\r\n<li>Sandkasten<\/li>\r\n<li>Parkplatz<\/li>\r\n<li>Terrasse<\/li>\r\n<li>Tischtennisplatte<\/li>\r\n<li>eingez\u00e4unter Garten<\/li>\r\n<\/ul>\r\n<p><strong>Innenausstattung<\/strong><\/p>\r\n<ul>\r\n<li>K\u00fcchenzeile<\/li>\r\n<li>sep. Eingang<\/li>\r\n<li>Heizung<\/li>\r\n<li>Fu\u00dfbodenheizung<\/li>\r\n<\/ul>\r\n<p><strong>Ger\u00e4te und Zubeh\u00f6r<\/strong><\/p>\r\n<ul>\r\n<li>Bettw\u00e4sche<\/li>\r\n<li>Fernseher<\/li>\r\n<li>Satelliten-\/Kabel-TV<\/li>\r\n<li>Sonnenliegen<\/li>\r\n<li>Gartenm\u00f6bel<\/li>\r\n<li>WLAN<\/li>\r\n<li>F\u00f6hn<\/li>\r\n<li>Rauchmelder<\/li>\r\n<li>Sonnenschirm<\/li>\r\n<li>Terassenm\u00f6bel<\/li>\r\n<\/ul>\r\n<p><strong>Ausstattung der K\u00fcche<\/strong><\/p>\r\n<ul>\r\n<li>Gefrierfach<\/li>\r\n<li>Sp\u00fclmaschine<\/li>\r\n<li>K\u00fchlschrank<\/li>\r\n<li>Backofen<\/li>\r\n<li>Wasserkocher<\/li>\r\n<li>Kaffeemaschine<\/li>\r\n<li>Toaster<\/li>\r\n<li>Besteck<\/li>\r\n<li>Gl\u00e4ser<\/li>\r\n<li>Geschirr<\/li>\r\n<li>Ceranfeld<\/li>\r\n<li>Dunstabzug<\/li>\r\n<\/ul>\r\n<p><strong>Andere Merkmale<\/strong><\/p>\r\n<ul>\r\n<li>Nichtraucher<\/li>\r\n<li>Haustiere nach Absprache<\/li>\r\n<li>f\u00fcr Senioren geeignet<\/li>\r\n<li>Kinder willkommen<\/li>\r\n<li>f\u00fcr barrierefreien Urlaub nicht geeignet<\/li>\r\n<li>ebenerdig<\/li>\r\n<li>Treppe<\/li>\r\n<\/ul>\r\n<div>\r\n<div><strong>Inklusivleistungen<\/strong><\/div>\r\n<div>In diesem Preis sind die Kosten f\u00fcr Endreinigung und Bettw\u00e4sche enthalten.<\/div>\r\n<br \/>\r\n<div><strong>Verbrauchsabh\u00e4ngige Nebenkosten<\/strong><\/div>\r\n<div>Bitte beachten Sie, dass zus\u00e4tzliche verbrauchsabh\u00e4ngige Nebenkosten anfallen k\u00f6nnen.<\/div>\r\n<div>Bei Fragen dazu kontaktieren Sie bitte direkt den Gastgeber.<\/div>\r\n<br \/>\r\n<div>Strom<\/div>\r\n<div><strong>0,40 \u20ac pro kWh<\/strong><\/div>\r\n<\/div>\r\n<div>\u00a0<\/div>\r\n<div>\r\n<div>\r\n<div><strong>Hinweise des Vermieters<\/strong><\/div>\r\n<div>Check-in: 16:00, Check-out: 10:00<\/div>\r\n<br \/>\r\n<div><strong>Stornierungsbedingungen:<\/strong><\/div>\r\n<br \/>\r\n<div>kostenfrei bis 21 Tage vor Anreise, 50% bis 10 Tage vor Anreise, 90% ab 1 Tag vor Anreise oder bei Nichtanreise<\/div>\r\n<div>Weitere Informationen<\/div>\r\n<br \/>\r\n<div><strong>Wir verf\u00fcgen \u00fcber Schl\u00fcsseltresore f\u00fcr eine kontaktlose An-u.Abreise.<\/strong><\/div>\r\n<div>\u00a0<\/div>\r\n<\/div>\r\n<div>\u00a0<\/div>\r\n<\/div>\r\n<p>&nbsp;<\/p>","protected":false},"excerpt":{"rendered":"<p>Preis pro Nacht 86,00 \u20ac \/ Preis pro Woche 550,00 \u20ac Unser Ferienhaus liegt in einer ruhigen Umgebung in einer Anlage mit 5 weiteren Ferienh\u00e4usern umgeben von W\u00e4ldern und Wiesen. In kurzer Fahrzeit erreichen Sie von hier aus die beliebtesten Ausflugsziele unserer Region. Auf dem Gel\u00e4nde k\u00f6nnen Sie fast \u00fcberall kostenfrei WLAN nutzen. Es gibt&nbsp;&hellip;<\/p>","protected":false},"author":2,"featured_media":0,"parent":0,"menu_order":0,"comment_status":"closed","ping_status":"closed","template":"","meta":{"_vp_format_video_url":"","_vp_image_focal_point":[],"footnotes":""},"class_list":["post-90674","page","type-page","status-publish","hentry"],"_links":{"self":[{"href":"https:\/\/www.ferienhaus-bergblick.com\/en\/wp-json\/wp\/v2\/pages\/90674","targetHints":{"allow":["GET"]}}],"collection":[{"href":"https:\/\/www.ferienhaus-bergblick.com\/en\/wp-json\/wp\/v2\/pages"}],"about":[{"href":"https:\/\/www.ferienhaus-bergblick.com\/en\/wp-json\/wp\/v2\/types\/page"}],"author":[{"embeddable":true,"href":"https:\/\/www.ferienhaus-bergblick.com\/en\/wp-json\/wp\/v2\/users\/2"}],"replies":[{"embeddable":true,"href":"https:\/\/www.ferienhaus-bergblick.com\/en\/wp-json\/wp\/v2\/comments?post=90674"}],"version-history":[{"count":0,"href":"https:\/\/www.ferienhaus-bergblick.com\/en\/wp-json\/wp\/v2\/pages\/90674\/revisions"}],"wp:attachment":[{"href":"https:\/\/www.ferienhaus-bergblick.com\/en\/wp-json\/wp\/v2\/media?parent=90674"}],"curies":[{"name":"wp","href":"https:\/\/api.w.org\/{rel}","templated":true}]}}