{"id":90722,"date":"2021-10-07T13:23:28","date_gmt":"2021-10-07T11:23:28","guid":{"rendered":"https:\/\/www.ferienhaus-bergblick.com\/?page_id=90722"},"modified":"2024-06-02T21:41:50","modified_gmt":"2024-06-02T19:41:50","slug":"ausflugsziele","status":"publish","type":"page","link":"https:\/\/www.ferienhaus-bergblick.com\/en\/ausflugsziele\/","title":{"rendered":"Ausflugsziele"},"content":{"rendered":"<h1 class=\"wp-block-heading\">Sehensw\u00fcrdigkeiten<\/h1>\r\n\r\n\r\n\r\n<div class=\"wp-block-media-text alignwide is-stacked-on-mobile is-image-fill\">\r\n<figure class=\"wp-block-media-text__media\" style=\"background-image: url('https:\/\/www.ferienhaus-bergblick.com\/wp-content\/uploads\/2021\/10\/cropped-Wartburg-DJI_0402-1024x817.jpg'); background-position: 50% 50%;\"><img loading=\"lazy\" decoding=\"async\" width=\"1024\" height=\"817\" class=\"wp-image-90725 size-full\" src=\"https:\/\/www.ferienhaus-bergblick.com\/wp-content\/uploads\/2021\/10\/cropped-Wartburg-DJI_0402-1024x817.jpg\" alt=\"\" srcset=\"https:\/\/www.ferienhaus-bergblick.com\/wp-content\/uploads\/2021\/10\/cropped-Wartburg-DJI_0402-1024x817.jpg 1024w, https:\/\/www.ferienhaus-bergblick.com\/wp-content\/uploads\/2021\/10\/cropped-Wartburg-DJI_0402-300x239.jpg 300w, https:\/\/www.ferienhaus-bergblick.com\/wp-content\/uploads\/2021\/10\/cropped-Wartburg-DJI_0402-768x613.jpg 768w, https:\/\/www.ferienhaus-bergblick.com\/wp-content\/uploads\/2021\/10\/cropped-Wartburg-DJI_0402-1536x1225.jpg 1536w, https:\/\/www.ferienhaus-bergblick.com\/wp-content\/uploads\/2021\/10\/cropped-Wartburg-DJI_0402-500x399.jpg 500w, https:\/\/www.ferienhaus-bergblick.com\/wp-content\/uploads\/2021\/10\/cropped-Wartburg-DJI_0402-800x638.jpg 800w, https:\/\/www.ferienhaus-bergblick.com\/wp-content\/uploads\/2021\/10\/cropped-Wartburg-DJI_0402-1280x1021.jpg 1280w, https:\/\/www.ferienhaus-bergblick.com\/wp-content\/uploads\/2021\/10\/cropped-Wartburg-DJI_0402-1232x983.jpg 1232w, https:\/\/www.ferienhaus-bergblick.com\/wp-content\/uploads\/2021\/10\/cropped-Wartburg-DJI_0402-1354x1080.jpg 1354w, https:\/\/www.ferienhaus-bergblick.com\/wp-content\/uploads\/2021\/10\/cropped-Wartburg-DJI_0402.jpg 1710w\" sizes=\"auto, (max-width: 1024px) 100vw, 1024px\" \/><\/figure>\r\n<div class=\"wp-block-media-text__content\">\r\n<p class=\"has-large-font-size\">Wartburg Eisenach<\/p>\r\n\r\n\r\n\r\n<p>Zur Wartburg in Eisenach ben\u00f6tigen Sie von unseren Ferienh\u00e4usern in Ruhla nur etwa 20 Minuten mit dem Auto. Verbringen Sie einen sch\u00f6nen Tag in Eisenach und Umgebung.<\/p>\r\n\r\n\r\n\r\n<p><a href=\"https:\/\/www.wartburg.de\/de\/\" target=\"_blank\" rel=\"noopener\">https:\/\/www.wartburg.de\/de\/<\/a><\/p>\r\n<\/div>\r\n<\/div>\r\n\r\n\r\n<hr class=\"wp-block-separator\" \/>\r\n\r\n\r\n<div class=\"wp-block-media-text alignwide has-media-on-the-right is-stacked-on-mobile is-image-fill\">\r\n<figure class=\"wp-block-media-text__media\" style=\"background-image: url('https:\/\/www.ferienhaus-bergblick.com\/wp-content\/uploads\/2021\/10\/cropped-DSCF0498-1024x795.jpg'); background-position: 50% 50%;\"><img loading=\"lazy\" decoding=\"async\" width=\"1024\" height=\"795\" class=\"wp-image-90727 size-full\" src=\"https:\/\/www.ferienhaus-bergblick.com\/wp-content\/uploads\/2021\/10\/cropped-DSCF0498-1024x795.jpg\" alt=\"\" srcset=\"https:\/\/www.ferienhaus-bergblick.com\/wp-content\/uploads\/2021\/10\/cropped-DSCF0498-1024x795.jpg 1024w, https:\/\/www.ferienhaus-bergblick.com\/wp-content\/uploads\/2021\/10\/cropped-DSCF0498-300x233.jpg 300w, https:\/\/www.ferienhaus-bergblick.com\/wp-content\/uploads\/2021\/10\/cropped-DSCF0498-768x596.jpg 768w, https:\/\/www.ferienhaus-bergblick.com\/wp-content\/uploads\/2021\/10\/cropped-DSCF0498-1536x1193.jpg 1536w, https:\/\/www.ferienhaus-bergblick.com\/wp-content\/uploads\/2021\/10\/cropped-DSCF0498-500x388.jpg 500w, https:\/\/www.ferienhaus-bergblick.com\/wp-content\/uploads\/2021\/10\/cropped-DSCF0498-800x621.jpg 800w, https:\/\/www.ferienhaus-bergblick.com\/wp-content\/uploads\/2021\/10\/cropped-DSCF0498-1280x994.jpg 1280w, https:\/\/www.ferienhaus-bergblick.com\/wp-content\/uploads\/2021\/10\/cropped-DSCF0498-1920x1491.jpg 1920w, https:\/\/www.ferienhaus-bergblick.com\/wp-content\/uploads\/2021\/10\/cropped-DSCF0498-1232x957.jpg 1232w, https:\/\/www.ferienhaus-bergblick.com\/wp-content\/uploads\/2021\/10\/cropped-DSCF0498-1391x1080.jpg 1391w, https:\/\/www.ferienhaus-bergblick.com\/wp-content\/uploads\/2021\/10\/cropped-DSCF0498.jpg 1978w\" sizes=\"auto, (max-width: 1024px) 100vw, 1024px\" \/><\/figure>\r\n<div class=\"wp-block-media-text__content\">\r\n<p class=\"has-large-font-size\">Bachhaus Eisenach<\/p>\r\n\r\n\r\n\r\n<p>Erleben Sie eines der gr\u00f6\u00dften\u00a0Musikermuseen in Deutschland.<\/p>\r\n\r\n\r\n\r\n<p><a href=\"https:\/\/bachhaus-eisenach.de\/\" target=\"_blank\" rel=\"noopener\">https:\/\/bachhaus-eisenach.de\/<\/a><\/p>\r\n<\/div>\r\n<\/div>\r\n\r\n\r\n<hr class=\"wp-block-separator\" \/>\r\n\r\n\r\n<div class=\"wp-block-media-text alignwide is-stacked-on-mobile is-image-fill\">\r\n<figure class=\"wp-block-media-text__media\" style=\"background-image: url('https:\/\/www.ferienhaus-bergblick.com\/wp-content\/uploads\/2021\/10\/DSC_3725-e1633610205244-1024x770.jpeg'); background-position: 50% 50%;\"><img loading=\"lazy\" decoding=\"async\" width=\"1024\" height=\"770\" class=\"wp-image-90741 size-full\" src=\"https:\/\/www.ferienhaus-bergblick.com\/wp-content\/uploads\/2021\/10\/DSC_3725-e1633610205244-1024x770.jpeg\" alt=\"\" srcset=\"https:\/\/www.ferienhaus-bergblick.com\/wp-content\/uploads\/2021\/10\/DSC_3725-e1633610205244-1024x770.jpeg 1024w, https:\/\/www.ferienhaus-bergblick.com\/wp-content\/uploads\/2021\/10\/DSC_3725-e1633610205244-300x226.jpeg 300w, https:\/\/www.ferienhaus-bergblick.com\/wp-content\/uploads\/2021\/10\/DSC_3725-e1633610205244-768x578.jpeg 768w, https:\/\/www.ferienhaus-bergblick.com\/wp-content\/uploads\/2021\/10\/DSC_3725-e1633610205244-500x376.jpeg 500w, https:\/\/www.ferienhaus-bergblick.com\/wp-content\/uploads\/2021\/10\/DSC_3725-e1633610205244-800x602.jpeg 800w, https:\/\/www.ferienhaus-bergblick.com\/wp-content\/uploads\/2021\/10\/DSC_3725-e1633610205244-1280x963.jpeg 1280w, https:\/\/www.ferienhaus-bergblick.com\/wp-content\/uploads\/2021\/10\/DSC_3725-e1633610205244-1232x927.jpeg 1232w, https:\/\/www.ferienhaus-bergblick.com\/wp-content\/uploads\/2021\/10\/DSC_3725-e1633610205244.jpeg 1361w\" sizes=\"auto, (max-width: 1024px) 100vw, 1024px\" \/><\/figure>\r\n<div class=\"wp-block-media-text__content\">\r\n<p class=\"has-large-font-size\">Lutherhaus Eisenach<\/p>\r\n\r\n\r\n\r\n<p>Herausragende Sehensw\u00fcrdigkeit in Eisenach. Ein Erinnerungsort an die Reformation.<\/p>\r\n\r\n\r\n\r\n<p><a href=\"https:\/\/www.lutherhaus-eisenach.com\/\" target=\"_blank\" rel=\"noopener\">https:\/\/www.lutherhaus-eisenach.com\/<\/a><\/p>\r\n<\/div>\r\n<\/div>\r\n\r\n\r\n<hr class=\"wp-block-separator\" \/>\r\n\r\n\r\n<div class=\"wp-block-media-text alignwide has-media-on-the-right is-stacked-on-mobile is-image-fill\">\r\n<figure class=\"wp-block-media-text__media\" style=\"background-image: url('https:\/\/www.ferienhaus-bergblick.com\/wp-content\/uploads\/2021\/10\/Drachenschlucht-CRW_2289.jpg'); background-position: 50% 50%;\"><img loading=\"lazy\" decoding=\"async\" width=\"1024\" height=\"682\" class=\"wp-image-90745 size-full\" src=\"https:\/\/www.ferienhaus-bergblick.com\/wp-content\/uploads\/2021\/10\/Drachenschlucht-CRW_2289.jpg\" alt=\"\" srcset=\"https:\/\/www.ferienhaus-bergblick.com\/wp-content\/uploads\/2021\/10\/Drachenschlucht-CRW_2289.jpg 1024w, https:\/\/www.ferienhaus-bergblick.com\/wp-content\/uploads\/2021\/10\/Drachenschlucht-CRW_2289-300x200.jpg 300w, https:\/\/www.ferienhaus-bergblick.com\/wp-content\/uploads\/2021\/10\/Drachenschlucht-CRW_2289-768x512.jpg 768w, https:\/\/www.ferienhaus-bergblick.com\/wp-content\/uploads\/2021\/10\/Drachenschlucht-CRW_2289-500x333.jpg 500w, https:\/\/www.ferienhaus-bergblick.com\/wp-content\/uploads\/2021\/10\/Drachenschlucht-CRW_2289-800x533.jpg 800w\" sizes=\"auto, (max-width: 1024px) 100vw, 1024px\" \/><\/figure>\r\n<div class=\"wp-block-media-text__content\">\r\n<p class=\"has-large-font-size\">Drachenschlucht Eisenach<\/p>\r\n\r\n\r\n\r\n<p>Eine sagenumwobene Schlucht in Eisenach.<\/p>\r\n\r\n\r\n\r\n<p><a href=\"https:\/\/www.eisenach.info\/aktiv-und-sport\/wandern\/drachenschlucht\" target=\"_blank\" rel=\"noopener\">https:\/\/www.eisenach.info\/aktiv-und-sport\/wandern\/drachenschlucht<\/a><\/p>\r\n<\/div>\r\n<\/div>\r\n\r\n\r\n<hr class=\"wp-block-separator\" \/>\r\n\r\n\r\n<div class=\"wp-block-media-text alignwide is-stacked-on-mobile is-image-fill\">\r\n<figure class=\"wp-block-media-text__media\" style=\"background-image: url('https:\/\/www.ferienhaus-bergblick.com\/wp-content\/uploads\/2021\/10\/IMG_1079-1024x768.jpg'); background-position: 50% 50%;\"><img loading=\"lazy\" decoding=\"async\" width=\"1024\" height=\"768\" class=\"wp-image-90747 size-full\" src=\"https:\/\/www.ferienhaus-bergblick.com\/wp-content\/uploads\/2021\/10\/IMG_1079-1024x768.jpg\" alt=\"\" srcset=\"https:\/\/www.ferienhaus-bergblick.com\/wp-content\/uploads\/2021\/10\/IMG_1079-1024x768.jpg 1024w, https:\/\/www.ferienhaus-bergblick.com\/wp-content\/uploads\/2021\/10\/IMG_1079-300x225.jpg 300w, https:\/\/www.ferienhaus-bergblick.com\/wp-content\/uploads\/2021\/10\/IMG_1079-768x576.jpg 768w, https:\/\/www.ferienhaus-bergblick.com\/wp-content\/uploads\/2021\/10\/IMG_1079-1536x1152.jpg 1536w, https:\/\/www.ferienhaus-bergblick.com\/wp-content\/uploads\/2021\/10\/IMG_1079-500x375.jpg 500w, https:\/\/www.ferienhaus-bergblick.com\/wp-content\/uploads\/2021\/10\/IMG_1079-800x600.jpg 800w, https:\/\/www.ferienhaus-bergblick.com\/wp-content\/uploads\/2021\/10\/IMG_1079-1280x960.jpg 1280w, https:\/\/www.ferienhaus-bergblick.com\/wp-content\/uploads\/2021\/10\/IMG_1079-1920x1440.jpg 1920w, https:\/\/www.ferienhaus-bergblick.com\/wp-content\/uploads\/2021\/10\/IMG_1079-1232x924.jpg 1232w, https:\/\/www.ferienhaus-bergblick.com\/wp-content\/uploads\/2021\/10\/IMG_1079-1440x1080.jpg 1440w, https:\/\/www.ferienhaus-bergblick.com\/wp-content\/uploads\/2021\/10\/IMG_1079.jpg 2048w\" sizes=\"auto, (max-width: 1024px) 100vw, 1024px\" \/><\/figure>\r\n<div class=\"wp-block-media-text__content\">\r\n<p class=\"has-large-font-size\">Automobile Welt Eisenach<\/p>\r\n\r\n\r\n\r\n<p>Industriegeschichte erleben, 100 Jahre Automobilbau in Eisenach.<\/p>\r\n\r\n\r\n\r\n<p><a href=\"https:\/\/awe-museum.de\/\" target=\"_blank\" rel=\"noopener\">https:\/\/awe-museum.de\/<\/a><\/p>\r\n\r\n\r\n\r\n<p>&nbsp;<\/p>\r\n<\/div>\r\n<\/div>\r\n\r\n\r\n<hr class=\"wp-block-separator\" \/>\r\n\r\n\r\n<h1 class=\"wp-block-heading\">Weitere Sehensw\u00fcrdigkeiten<\/h1>\r\n\r\n\r\n\r\n<div class=\"wp-block-columns is-layout-flex wp-container-core-columns-is-layout-9d6595d7 wp-block-columns-is-layout-flex\">\r\n<div class=\"wp-block-column is-layout-flow wp-block-column-is-layout-flow\">\r\n<p><strong>Falkenerei am Rennsteig<br \/><\/strong>Den K\u00f6nig der L\u00fcfte hautnah erleben<br \/><a href=\"https:\/\/www.rennsteigfalknerei.de\/\" target=\"_blank\" rel=\"noopener\">https:\/\/www.rennsteigfalknerei.de\/<\/a><\/p>\r\n<\/div>\r\n\r\n\r\n\r\n<div class=\"wp-block-column is-layout-flow wp-block-column-is-layout-flow\">\r\n<p><strong>Orts und Tabakpfeifenmuseum <br \/><\/strong>erleben sie die Geschichte Ruhlas <a href=\"https:\/\/www.ruhla.de\/freizeit\/kultureinrichtungen\/museen.html\">https:\/\/www.ruhla.de\/freizeit\/kultureinrichtungen\/museen.html<\/a><\/p>\r\n<\/div>\r\n<\/div>\r\n\r\n\r\n\r\n<div class=\"wp-block-columns is-layout-flex wp-container-core-columns-is-layout-9d6595d7 wp-block-columns-is-layout-flex\">\r\n<div class=\"wp-block-column is-layout-flow wp-block-column-is-layout-flow\">\r\n<p><strong>Mini a thuer<\/strong><br \/>Th\u00fcringen in Miniaturformat erkunden<br \/><a href=\"http:\/\/www.mini-a-thuer.de\/\" target=\"_blank\" rel=\"noopener\">http:\/\/www.mini-a-thuer.de\/<\/a><\/p>\r\n<\/div>\r\n\r\n\r\n\r\n<div class=\"wp-block-column is-layout-flow wp-block-column-is-layout-flow\">\r\n<p><strong>Sommerrodelbahn Ruhla<br \/><\/strong>Action pur auf Deutschlands steilster Sommerrodelbahn<\/p>\r\n\r\n\r\n\r\n<p><a href=\"https:\/\/www.sommerrodelbahn-ruhla.de\/\" target=\"_blank\" rel=\"noopener\">https:\/\/www.sommerrodelbahn-ruhla.de\/<\/a><\/p>\r\n<\/div>\r\n<\/div>\r\n\r\n\r\n\r\n<p>&nbsp;<\/p>","protected":false},"excerpt":{"rendered":"<p>Sehensw\u00fcrdigkeiten Wartburg Eisenach Zur Wartburg in Eisenach ben\u00f6tigen Sie von unseren Ferienh\u00e4usern in Ruhla nur etwa 20 Minuten mit dem Auto. Verbringen Sie einen sch\u00f6nen Tag in Eisenach und Umgebung. https:\/\/www.wartburg.de\/de\/ Bachhaus Eisenach Erleben Sie eines der gr\u00f6\u00dften\u00a0Musikermuseen in Deutschland. https:\/\/bachhaus-eisenach.de\/ Lutherhaus Eisenach Herausragende Sehensw\u00fcrdigkeit in Eisenach. Ein Erinnerungsort an die Reformation. https:\/\/www.lutherhaus-eisenach.com\/ Drachenschlucht Eisenach&nbsp;&hellip;<\/p>","protected":false},"author":2,"featured_media":0,"parent":0,"menu_order":0,"comment_status":"closed","ping_status":"closed","template":"","meta":{"_vp_format_video_url":"","_vp_image_focal_point":[],"footnotes":""},"class_list":["post-90722","page","type-page","status-publish","hentry"],"_links":{"self":[{"href":"https:\/\/www.ferienhaus-bergblick.com\/en\/wp-json\/wp\/v2\/pages\/90722","targetHints":{"allow":["GET"]}}],"collection":[{"href":"https:\/\/www.ferienhaus-bergblick.com\/en\/wp-json\/wp\/v2\/pages"}],"about":[{"href":"https:\/\/www.ferienhaus-bergblick.com\/en\/wp-json\/wp\/v2\/types\/page"}],"author":[{"embeddable":true,"href":"https:\/\/www.ferienhaus-bergblick.com\/en\/wp-json\/wp\/v2\/users\/2"}],"replies":[{"embeddable":true,"href":"https:\/\/www.ferienhaus-bergblick.com\/en\/wp-json\/wp\/v2\/comments?post=90722"}],"version-history":[{"count":0,"href":"https:\/\/www.ferienhaus-bergblick.com\/en\/wp-json\/wp\/v2\/pages\/90722\/revisions"}],"wp:attachment":[{"href":"https:\/\/www.ferienhaus-bergblick.com\/en\/wp-json\/wp\/v2\/media?parent=90722"}],"curies":[{"name":"wp","href":"https:\/\/api.w.org\/{rel}","templated":true}]}}